{"id":84,"date":"2024-02-13T17:46:35","date_gmt":"2024-02-13T16:46:35","guid":{"rendered":"https:\/\/domaine-escarvaillac.fr\/?page_id=84"},"modified":"2024-04-22T15:40:20","modified_gmt":"2024-04-22T13:40:20","slug":"le-domaine","status":"publish","type":"page","link":"https:\/\/domaine-escarvaillac.fr\/en\/le-domaine\/","title":{"rendered":"The domain\""},"content":{"rendered":"<p>[et_pb_section fb_built=\u00a0\u00bb1&Prime; _builder_version=\u00a0\u00bb4.24.0&Prime; _module_preset=\u00a0\u00bbdefault\u00a0\u00bb background_color=\u00a0\u00bbrgba(0,0,0,0.28)\u00a0\u00bb use_background_color_gradient=\u00a0\u00bbon\u00a0\u00bb background_color_gradient_stops=\u00a0\u00bbrgba(0,0,0,0.79) 0%|rgba(255,255,255,0) 50%\u00a0\u00bb background_image=\u00a0\u00bbhttps:\/\/domaine-escarvaillac.fr\/wp-content\/uploads\/2024\/02\/domaine_full.jpg\u00a0\u00bb background_size=\u00a0\u00bbstretch\u00a0\u00bb background_blend=\u00a0\u00bbdarken\u00a0\u00bb custom_padding=\u00a0\u00bb||269px|||\u00a0\u00bb global_colors_info=\u00a0\u00bb{}\u00a0\u00bb][et_pb_row _builder_version=\u00a0\u00bb4.24.0&Prime; _module_preset=\u00a0\u00bbdefault\u00a0\u00bb global_colors_info=\u00a0\u00bb{}\u00a0\u00bb][et_pb_column type=\u00a0\u00bb4_4&Prime; _builder_version=\u00a0\u00bb4.24.0&Prime; _module_preset=\u00a0\u00bbdefault\u00a0\u00bb global_colors_info=\u00a0\u00bb{}\u00a0\u00bb][et_pb_text _builder_version=\u00a0\u00bb4.24.0&Prime; _module_preset=\u00a0\u00bbdefault\u00a0\u00bb text_text_color=\u00a0\u00bb#FFFFFF\u00a0\u00bb header_font=\u00a0\u00bb|300|||||||\u00a0\u00bb header_text_align=\u00a0\u00bbcenter\u00a0\u00bb header_text_color=\u00a0\u00bb#FFFFFF\u00a0\u00bb header_font_size=\u00a0\u00bb54px\u00a0\u00bb module_alignment=\u00a0\u00bbcenter\u00a0\u00bb global_colors_info=\u00a0\u00bb{}\u00a0\u00bb]<\/p>\n<div class=\"elementor-element elementor-element-717f34e elementor-widget elementor-widget-heading\" data-id=\"717f34e\" data-element_type=\"widget\" data-settings=\"{&quot;_animation&quot;:&quot;none&quot;,&quot;_animation_delay&quot;:500}\" data-widget_type=\"heading.default\">\n<div class=\"elementor-widget-container\">\n<h1 class=\"elementor-heading-title elementor-size-default\">DOMAINE SAINT-PIERRE D\u2019ESCARVAILLAC<\/h1>\n<\/div>\n<\/div>\n<p>[\/et_pb_text][et_pb_divider color=\u00a0\u00bb#FFFFFF\u00a0\u00bb divider_position=\u00a0\u00bbcenter\u00a0\u00bb divider_weight=\u00a0\u00bb2px\u00a0\u00bb _builder_version=\u00a0\u00bb4.24.0&Prime; _module_preset=\u00a0\u00bbdefault\u00a0\u00bb width=\u00a0\u00bb35%\u00a0\u00bb module_alignment=\u00a0\u00bbcenter\u00a0\u00bb global_colors_info=\u00a0\u00bb{}\u00a0\u00bb][\/et_pb_divider][et_pb_text _builder_version=\u00a0\u00bb4.24.0&Prime; _module_preset=\u00a0\u00bbdefault\u00a0\u00bb text_text_color=\u00a0\u00bb#FFFFFF\u00a0\u00bb header_text_align=\u00a0\u00bbcenter\u00a0\u00bb header_text_color=\u00a0\u00bb#FFFFFF\u00a0\u00bb header_font_size=\u00a0\u00bb61px\u00a0\u00bb header_2_text_align=\u00a0\u00bbcenter\u00a0\u00bb header_2_text_color=\u00a0\u00bb#FFFFFF\u00a0\u00bb header_2_font_size=\u00a0\u00bb40px\u00a0\u00bb module_alignment=\u00a0\u00bbcenter\u00a0\u00bb custom_margin=\u00a0\u00bb||128px|||\u00a0\u00bb global_colors_info=\u00a0\u00bb{}\u00a0\u00bb]<\/p>\n<div class=\"elementor-element elementor-element-717f34e elementor-widget elementor-widget-heading\" data-id=\"717f34e\" data-element_type=\"widget\" data-settings=\"{&quot;_animation&quot;:&quot;none&quot;,&quot;_animation_delay&quot;:500}\" data-widget_type=\"heading.default\">\n<div class=\"elementor-widget-container\">\n<h2 class=\"elementor-heading-title elementor-size-default\">Le Domaine<\/h2>\n<\/div>\n<\/div>\n<p>[\/et_pb_text][\/et_pb_column][\/et_pb_row][\/et_pb_section][et_pb_section fb_built=\u00a0\u00bb1&Prime; _builder_version=\u00a0\u00bb4.24.0&Prime; _module_preset=\u00a0\u00bbdefault\u00a0\u00bb use_background_color_gradient=\u00a0\u00bbon\u00a0\u00bb background_color_gradient_stops=\u00a0\u00bb#000000 0%|#59030f 99%\u00a0\u00bb custom_padding=\u00a0\u00bb2px||3px|||\u00a0\u00bb global_colors_info=\u00a0\u00bb{}\u00a0\u00bb][et_pb_row _builder_version=\u00a0\u00bb4.24.0&Prime; _module_preset=\u00a0\u00bbdefault\u00a0\u00bb use_background_color_gradient=\u00a0\u00bbon\u00a0\u00bb background_color_gradient_stops=\u00a0\u00bbrgba(0,0,0,0.45) 0%|#000000 100%\u00a0\u00bb custom_margin=\u00a0\u00bb-150px||||false|false\u00a0\u00bb global_colors_info=\u00a0\u00bb{}\u00a0\u00bb][et_pb_column type=\u00a0\u00bb4_4&Prime; _builder_version=\u00a0\u00bb4.24.0&Prime; _module_preset=\u00a0\u00bbdefault\u00a0\u00bb global_colors_info=\u00a0\u00bb{}\u00a0\u00bb][et_pb_text _builder_version=\u00a0\u00bb4.24.0&Prime; _module_preset=\u00a0\u00bbdefault\u00a0\u00bb header_2_text_align=\u00a0\u00bbcenter\u00a0\u00bb header_2_text_color=\u00a0\u00bb#FFFFFF\u00a0\u00bb header_2_font_size=\u00a0\u00bb36px\u00a0\u00bb header_3_text_align=\u00a0\u00bbcenter\u00a0\u00bb header_3_text_color=\u00a0\u00bb#FFFFFF\u00a0\u00bb header_3_font_size=\u00a0\u00bb50px\u00a0\u00bb global_colors_info=\u00a0\u00bb{}\u00a0\u00bb]<\/p>\n<h3>Our Story<\/h3>\n<p>[\/et_pb_text][et_pb_text _builder_version=\u00a0\u00bb4.24.0&Prime; _module_preset=\u00a0\u00bbdefault\u00a0\u00bb header_2_text_align=\u00a0\u00bbcenter\u00a0\u00bb header_2_text_color=\u00a0\u00bb#FFFFFF\u00a0\u00bb header_2_font_size=\u00a0\u00bb36px\u00a0\u00bb header_3_text_align=\u00a0\u00bbcenter\u00a0\u00bb header_3_text_color=\u00a0\u00bb#FFFFFF\u00a0\u00bb header_3_font_size=\u00a0\u00bb50px\u00a0\u00bb global_colors_info=\u00a0\u00bb{}\u00a0\u00bb]<\/p>\n<h3>Since the 13th Century<\/h3>\n<p>[\/et_pb_text][\/et_pb_column][\/et_pb_row][et_pb_row _builder_version=\u00a0\u00bb4.24.0&Prime; _module_preset=\u00a0\u00bbdefault\u00a0\u00bb global_colors_info=\u00a0\u00bb{}\u00a0\u00bb][et_pb_column type=\u00a0\u00bb4_4&Prime; _builder_version=\u00a0\u00bb4.24.0&Prime; _module_preset=\u00a0\u00bbdefault\u00a0\u00bb global_colors_info=\u00a0\u00bb{}\u00a0\u00bb][et_pb_text _builder_version=\u00a0\u00bb4.24.0&Prime; _module_preset=\u00a0\u00bbdefault\u00a0\u00bb text_text_color=\u00a0\u00bb#FFFFFF\u00a0\u00bb global_colors_info=\u00a0\u00bb{}\u00a0\u00bb]<\/p>\n<p style=\"text-align: justify;\">We do not have an exact date for the construction of Escarvaillac, but its existence predates that of the Chartreuse de Bonpas, which was built in the 13th century. The Duran\u00e7ole canal, which marks the southern boundary of the domain, is an engineering work from 1226 and a diversion of the Durance River, originally intended for two mills built at the edge of the river's highest flood levels, known for its (relentless) wildness.<\/p>\n<p style=\"text-align: justify;\">The legend (one of the versions of the legend) tells that the Saint-Pierre de Muscadelle Path was one of the many routes of Compostela that traversed Provence, and that the first building on the domain was a more or less infamous inn, located in the middle of a dense forest along the banks of the Durance River. In the 14th century, at the request of the Pope, the Spanish inn was replaced by a much safer outbuilding of the Chartreuse de Bonpas, situated less than two kilometers away as the crow flies.<\/p>\n<p style=\"text-align: justify;\">Long known as the \"Grange de la C\u00e9p\u00e8de,\" the domain was used by the Carthusians as a wine cellar for winemaking for several centuries. It was also a farm where livestock and agriculture thrived together. Naturally, wine remained the main activity, and everything suggests that it was not solely intended for the Mass.<\/p>\n<p style=\"text-align: justify;\">Since that time, the grapes have been fermented, macerated, and vinified in large stone vats. These are the only such vats still in operation in the Vaucluse.<\/p>\n<p style=\"text-align: justify;\">Les b\u00e2timents ont travers\u00e9 les si\u00e8cles presque intacts. Vendu apr\u00e8s la R\u00e9volution, le domaine passera entre les mains de trois propri\u00e9taires, jusqu\u2019en 1880\u2026 C\u2019est \u00e0 cette date qu\u2019une famille de la r\u00e9gion, les Requin, rach\u00e8te les lieux pour 10.000 francs. (La barrique de 225 litres de l\u2019\u00e9poque valait 20 sous, faites vos calculs.) D\u00e8s la premi\u00e8re g\u00e9n\u00e9ration, le domaine prend son essor et re\u00e7oit de nombreuses distinctions pour ses vins.<\/p>\n<p style=\"text-align: justify;\">It was with grandparents Denis and Henriette that Escarvaillac became, in 1922, one of the first domains to receive the \"C\u00f4tes-du-Rh\u00f4ne\" appellation. Their son, Henri Requin, produced wines \"using sustainable farming practices,\" which earned a spot in the renowned Hachette guide. Upon Henri's death in 2016, it was his son Christophe who took over the family legacy... and converted the entire estate to organic farming.<\/p>\n<p>[\/et_pb_text][\/et_pb_column][\/et_pb_row][et_pb_row _builder_version=\u00a0\u00bb4.24.0&Prime; _module_preset=\u00a0\u00bbdefault\u00a0\u00bb custom_padding=\u00a0\u00bb81px|||||\u00a0\u00bb global_colors_info=\u00a0\u00bb{}\u00a0\u00bb][et_pb_column type=\u00a0\u00bb4_4&Prime; _builder_version=\u00a0\u00bb4.24.0&Prime; _module_preset=\u00a0\u00bbdefault\u00a0\u00bb global_colors_info=\u00a0\u00bb{}\u00a0\u00bb][et_pb_text _builder_version=\u00a0\u00bb4.24.0&Prime; _module_preset=\u00a0\u00bbdefault\u00a0\u00bb header_2_text_align=\u00a0\u00bbcenter\u00a0\u00bb header_2_text_color=\u00a0\u00bb#FFFFFF\u00a0\u00bb header_2_font_size=\u00a0\u00bb36px\u00a0\u00bb header_3_text_align=\u00a0\u00bbcenter\u00a0\u00bb header_3_text_color=\u00a0\u00bb#FFFFFF\u00a0\u00bb header_3_font_size=\u00a0\u00bb50px\u00a0\u00bb global_colors_info=\u00a0\u00bb{}\u00a0\u00bb]<\/p>\n<h3>Christophe REQUIN and his family<\/h3>\n<p>[\/et_pb_text][\/et_pb_column][\/et_pb_row][et_pb_row column_structure=\u00a0\u00bb1_2,1_2&Prime; _builder_version=\u00a0\u00bb4.24.0&Prime; _module_preset=\u00a0\u00bbdefault\u00a0\u00bb global_colors_info=\u00a0\u00bb{}\u00a0\u00bb][et_pb_column type=\u00a0\u00bb1_2&Prime; _builder_version=\u00a0\u00bb4.24.0&Prime; _module_preset=\u00a0\u00bbdefault\u00a0\u00bb global_colors_info=\u00a0\u00bb{}\u00a0\u00bb][et_pb_image src=\u00a0\u00bbhttps:\/\/domaine-escarvaillac.fr\/wp-content\/uploads\/2024\/02\/portrait_domaine_christophe_2.jpg\u00a0\u00bb title_text=\u00a0\u00bbportrait_domaine_christophe_2&Prime; _builder_version=\u00a0\u00bb4.24.0&Prime; _module_preset=\u00a0\u00bbdefault\u00a0\u00bb box_shadow_style=\u00a0\u00bbpreset2&Prime; global_colors_info=\u00a0\u00bb{}\u00a0\u00bb][\/et_pb_image][\/et_pb_column][et_pb_column type=\u00a0\u00bb1_2&Prime; _builder_version=\u00a0\u00bb4.24.0&Prime; _module_preset=\u00a0\u00bbdefault\u00a0\u00bb global_colors_info=\u00a0\u00bb{}\u00a0\u00bb][et_pb_text _builder_version=\u00a0\u00bb4.24.0&Prime; _module_preset=\u00a0\u00bbdefault\u00a0\u00bb text_text_color=\u00a0\u00bb#FFFFFF\u00a0\u00bb custom_padding=\u00a0\u00bb65px|||||\u00a0\u00bb global_colors_info=\u00a0\u00bb{}\u00a0\u00bb]<\/p>\n<p style=\"text-align: justify;\">As a child, Christophe Requin would spend his holidays at Escarvaillac. His memories of this place, sheltered from the noise of the city, intertwined with the scents of blooming fruit trees, still soothe him today.<\/p>\n<p style=\"text-align: justify;\">He first pursued studies to become a literature teacher and, on weekends, sold his father's wine at local markets.<\/p>\n<p style=\"text-align: justify;\">Fascinated by the estate, he dreamed of one day making it a place open to culture.<\/p>\n<p style=\"text-align: justify;\">In 2010, he renovated the Grange with his friend Andreas Guest, also a former teacher, to host exhibitions and performances for the off festival of Avignon.<\/p>\n<p style=\"text-align: justify;\">In 2016, he decided to become a winemaker. Surrounded by the estate's team, he learned, harvest after harvest, his craft and his terroir, producing particularly intense and silky C\u00f4tes du Rh\u00f4ne wines thanks to the stone vats.<\/p>\n<p style=\"text-align: justify;\">His passion for Escarvaillac and his desire to preserve this place led him, the following year, to convert it to organic farming.<\/p>\n<p style=\"text-align: justify;\">Although he represents the fourth generation, Christophe Requin feels more like a witness to a piece of history than an heir, a history he wishes to share through his wines and heritage. Even if, at times, this means getting up in the middle of the night to round up a flock of eco-grazing sheep that have wandered off.<\/p>\n<p>[\/et_pb_text][\/et_pb_column][\/et_pb_row][et_pb_row _builder_version=\u00a0\u00bb4.24.0&Prime; _module_preset=\u00a0\u00bbdefault\u00a0\u00bb global_colors_info=\u00a0\u00bb{}\u00a0\u00bb][et_pb_column type=\u00a0\u00bb4_4&Prime; _builder_version=\u00a0\u00bb4.24.0&Prime; _module_preset=\u00a0\u00bbdefault\u00a0\u00bb global_colors_info=\u00a0\u00bb{}\u00a0\u00bb][et_pb_text _builder_version=\u00a0\u00bb4.24.0&Prime; _module_preset=\u00a0\u00bbdefault\u00a0\u00bb header_2_text_align=\u00a0\u00bbcenter\u00a0\u00bb header_2_text_color=\u00a0\u00bb#FFFFFF\u00a0\u00bb header_2_font_size=\u00a0\u00bb36px\u00a0\u00bb header_3_text_align=\u00a0\u00bbcenter\u00a0\u00bb header_3_text_color=\u00a0\u00bb#FFFFFF\u00a0\u00bb header_3_font_size=\u00a0\u00bb50px\u00a0\u00bb global_colors_info=\u00a0\u00bb{}\u00a0\u00bb]<\/p>\n<h3>The Requin family \u2013 Harvest 1911<\/h3>\n<p>[\/et_pb_text][\/et_pb_column][\/et_pb_row][et_pb_row _builder_version=\u00a0\u00bb4.24.0&Prime; _module_preset=\u00a0\u00bbdefault\u00a0\u00bb global_colors_info=\u00a0\u00bb{}\u00a0\u00bb][et_pb_column type=\u00a0\u00bb4_4&Prime; _builder_version=\u00a0\u00bb4.24.0&Prime; _module_preset=\u00a0\u00bbdefault\u00a0\u00bb global_colors_info=\u00a0\u00bb{}\u00a0\u00bb][et_pb_image src=\u00a0\u00bbhttps:\/\/domaine-escarvaillac.fr\/wp-content\/uploads\/2024\/02\/photo_historique_ok.jpg\u00a0\u00bb title_text=\u00a0\u00bbphoto_historique_ok\u00a0\u00bb _builder_version=\u00a0\u00bb4.24.0&Prime; _module_preset=\u00a0\u00bbdefault\u00a0\u00bb box_shadow_style=\u00a0\u00bbpreset2&Prime; global_colors_info=\u00a0\u00bb{}\u00a0\u00bb][\/et_pb_image][\/et_pb_column][\/et_pb_row][et_pb_row _builder_version=\u00a0\u00bb4.24.0&Prime; _module_preset=\u00a0\u00bbdefault\u00a0\u00bb global_colors_info=\u00a0\u00bb{}\u00a0\u00bb][et_pb_column type=\u00a0\u00bb4_4&Prime; _builder_version=\u00a0\u00bb4.24.0&Prime; _module_preset=\u00a0\u00bbdefault\u00a0\u00bb global_colors_info=\u00a0\u00bb{}\u00a0\u00bb][et_pb_text _builder_version=\u00a0\u00bb4.24.0&Prime; _module_preset=\u00a0\u00bbdefault\u00a0\u00bb header_2_text_align=\u00a0\u00bbcenter\u00a0\u00bb header_2_text_color=\u00a0\u00bb#FFFFFF\u00a0\u00bb header_2_font_size=\u00a0\u00bb36px\u00a0\u00bb header_3_text_align=\u00a0\u00bbcenter\u00a0\u00bb header_3_text_color=\u00a0\u00bb#FFFFFF\u00a0\u00bb header_3_font_size=\u00a0\u00bb50px\u00a0\u00bb global_colors_info=\u00a0\u00bb{}\u00a0\u00bb]<\/p>\n<h3>The Team<\/h3>\n<p>[\/et_pb_text][\/et_pb_column][\/et_pb_row][et_pb_row column_structure=\u00a0\u00bb2_3,1_3&Prime; _builder_version=\u00a0\u00bb4.24.0&Prime; _module_preset=\u00a0\u00bbdefault\u00a0\u00bb global_colors_info=\u00a0\u00bb{}\u00a0\u00bb][et_pb_column type=\u00a0\u00bb2_3&Prime; _builder_version=\u00a0\u00bb4.24.0&Prime; _module_preset=\u00a0\u00bbdefault\u00a0\u00bb global_colors_info=\u00a0\u00bb{}\u00a0\u00bb][et_pb_text _builder_version=\u00a0\u00bb4.24.0&Prime; _module_preset=\u00a0\u00bbdefault\u00a0\u00bb text_text_color=\u00a0\u00bb#FFFFFF\u00a0\u00bb header_3_text_color=\u00a0\u00bb#FFFFFF\u00a0\u00bb header_3_font_size=\u00a0\u00bb26px\u00a0\u00bb header_4_text_color=\u00a0\u00bb#FFFFFF\u00a0\u00bb header_4_font_size=\u00a0\u00bb21px\u00a0\u00bb global_colors_info=\u00a0\u00bb{}\u00a0\u00bb]<\/p>\n<h3 style=\"text-align: justify;\">Ilaria Ronchi<\/h3>\n<h4 style=\"text-align: justify;\">(Ma\u00eetresse de chai et couteau suisse)<\/h4>\n<p style=\"text-align: justify;\">\n<p style=\"text-align: justify;\">Originally from Lombardy, Ilaria Ronchi spent much of her childhood on her parents' farm, thirty kilometers from Milan (cereals and small livestock). She first came to France to teach Italian at the University of Avignon, while dedicating her free time to the deeply symbolic art of baking. She discovered Escarvaillac while participating in the organization of one of our famous \"traditional dances.\" While working regularly as a seasonal worker at the estate, she fell in love with the vines and developed a passion for winemaking in stone. For a long time, she had been seeking a more \"concrete\" life, closer to nature and animals, and the COVID pandemic pushed her to take the leap. Always attentive to our \"eco-grazing\" sheep or our guests, just as comfortable driving a tractor as she is reading a noir novel by Marguerite Yourcenar, her reputation as a Swiss army knife is well established!<\/p>\n<p>[\/et_pb_text][\/et_pb_column][et_pb_column type=\u00a0\u00bb1_3&Prime; _builder_version=\u00a0\u00bb4.24.0&Prime; _module_preset=\u00a0\u00bbdefault\u00a0\u00bb global_colors_info=\u00a0\u00bb{}\u00a0\u00bb][et_pb_image src=\u00a0\u00bbhttps:\/\/domaine-escarvaillac.fr\/wp-content\/uploads\/2024\/02\/ilaria.jpg\u00a0\u00bb title_text=\u00a0\u00bbilaria\u00a0\u00bb _builder_version=\u00a0\u00bb4.24.0&Prime; _module_preset=\u00a0\u00bbdefault\u00a0\u00bb box_shadow_style=\u00a0\u00bbpreset2&Prime; global_colors_info=\u00a0\u00bb{}\u00a0\u00bb][\/et_pb_image][\/et_pb_column][\/et_pb_row][\/et_pb_section][et_pb_section fb_built=\u00a0\u00bb1&Prime; _builder_version=\u00a0\u00bb4.24.0&Prime; _module_preset=\u00a0\u00bbdefault\u00a0\u00bb background_color=\u00a0\u00bb#59030f\u00a0\u00bb custom_margin=\u00a0\u00bb-1px||||false|false\u00a0\u00bb custom_padding=\u00a0\u00bb3px|||||\u00a0\u00bb global_colors_info=\u00a0\u00bb{}\u00a0\u00bb][et_pb_row column_structure=\u00a0\u00bb1_3,2_3&Prime; _builder_version=\u00a0\u00bb4.24.0&Prime; _module_preset=\u00a0\u00bbdefault\u00a0\u00bb global_colors_info=\u00a0\u00bb{}\u00a0\u00bb][et_pb_column type=\u00a0\u00bb1_3&Prime; _builder_version=\u00a0\u00bb4.24.0&Prime; _module_preset=\u00a0\u00bbdefault\u00a0\u00bb global_colors_info=\u00a0\u00bb{}\u00a0\u00bb][et_pb_image src=\u00a0\u00bbhttps:\/\/domaine-escarvaillac.fr\/wp-content\/uploads\/2024\/02\/Andreas.jpg\u00a0\u00bb title_text=\u00a0\u00bbAndreas\u00a0\u00bb _builder_version=\u00a0\u00bb4.24.0&Prime; _module_preset=\u00a0\u00bbdefault\u00a0\u00bb box_shadow_style=\u00a0\u00bbpreset2&Prime; global_colors_info=\u00a0\u00bb{}\u00a0\u00bb][\/et_pb_image][\/et_pb_column][et_pb_column type=\u00a0\u00bb2_3&Prime; _builder_version=\u00a0\u00bb4.24.0&Prime; _module_preset=\u00a0\u00bbdefault\u00a0\u00bb global_colors_info=\u00a0\u00bb{}\u00a0\u00bb][et_pb_text _builder_version=\u00a0\u00bb4.24.0&Prime; _module_preset=\u00a0\u00bbdefault\u00a0\u00bb text_text_color=\u00a0\u00bb#FFFFFF\u00a0\u00bb header_3_text_color=\u00a0\u00bb#FFFFFF\u00a0\u00bb header_3_font_size=\u00a0\u00bb26px\u00a0\u00bb header_4_text_color=\u00a0\u00bb#FFFFFF\u00a0\u00bb header_4_font_size=\u00a0\u00bb21px\u00a0\u00bb custom_padding=\u00a0\u00bb45px|||||\u00a0\u00bb global_colors_info=\u00a0\u00bb{}\u00a0\u00bb]<\/p>\n<h3 style=\"text-align: justify;\">Andreas Guest<\/h3>\n<h4 style=\"text-align: justify;\">(Sancho Pan\u00e7a)<\/h4>\n<p style=\"text-align: justify;\">\n<p style=\"text-align: justify;\">Originally from Normandy, Andreas Guest spent most of his life in the Paris region, between the Chevreuse Valley, Seine-Saint-Denis, and the Rue de M\u00e9nilmontant. He worked as a German teacher for ten years before taking on various roles, including interpreter, night watchman, usher in theaters, market gardener, organic grocer, and bartender-server-bouncer-dishwasher.<\/p>\n<p style=\"text-align: justify;\">Originally came to the Escarvaillac estate for just fifteen days, he is still here. He is particularly involved in tours, promoting the wine, and delivering it for free within a 30-kilometer radius (though a minimum of 4 cases is required).<\/p>\n<p>[\/et_pb_text][\/et_pb_column][\/et_pb_row][\/et_pb_section][et_pb_section fb_built=\u00a0\u00bb1&Prime; _builder_version=\u00a0\u00bb4.24.0&Prime; _module_preset=\u00a0\u00bbdefault\u00a0\u00bb background_color=\u00a0\u00bb#59030f\u00a0\u00bb custom_padding=\u00a0\u00bb0px||3px|||\u00a0\u00bb global_colors_info=\u00a0\u00bb{}\u00a0\u00bb][et_pb_row _builder_version=\u00a0\u00bb4.24.0&Prime; _module_preset=\u00a0\u00bbdefault\u00a0\u00bb global_colors_info=\u00a0\u00bb{}\u00a0\u00bb][et_pb_column type=\u00a0\u00bb4_4&Prime; _builder_version=\u00a0\u00bb4.24.0&Prime; _module_preset=\u00a0\u00bbdefault\u00a0\u00bb global_colors_info=\u00a0\u00bb{}\u00a0\u00bb][et_pb_code _builder_version=\u00a0\u00bb4.24.0&Prime; _module_preset=\u00a0\u00bbdefault\u00a0\u00bb background_color=\u00a0\u00bb#59030f\u00a0\u00bb global_colors_info=\u00a0\u00bb{}\u00a0\u00bb]<iframe loading=\"lazy\" src=\"https:\/\/www.google.com\/maps\/embed?pb=!4v1660722563342!6m8!1m7!1sCAoSLEFGMVFpcE1DZWNTdERWbzFGT1RCWllrR1lhdU93cU9zMGJuUVVlM3dWa2pw!2m2!1d43.898561129964!2d4.909462744122!3f87.27398507352811!4f4.059398789272407!5f0.7820865974627469\" width=\"100%\" height=\"450\" frameborder=\"0\" style=\"border:0\" allowfullscreen><\/iframe>[\/et_pb_code][\/et_pb_column][\/et_pb_row][\/et_pb_section]<\/p>","protected":false},"excerpt":{"rendered":"<p>DOMAINE SAINT-PIERRE D&rsquo;ESCARVAILLAC Le Domaine Notre HistoireDepuis le XIIIe Si\u00e8cleNous n\u2019avons pas de date exacte pour l\u2019\u00e9dification d\u2019Escarvaillac mais son existence pr\u00e9c\u00e8de celle de la Chartreuse de Bonpas construite au [&hellip;]<\/p>","protected":false},"author":1,"featured_media":0,"parent":0,"menu_order":0,"comment_status":"closed","ping_status":"closed","template":"","meta":{"_et_pb_use_builder":"on","_et_pb_old_content":"","_et_gb_content_width":"","_price":"","_stock":"","_tribe_ticket_header":"","_tribe_default_ticket_provider":"","_tribe_ticket_capacity":"0","_ticket_start_date":"","_ticket_end_date":"","_tribe_ticket_show_description":"","_tribe_ticket_show_not_going":false,"_tribe_ticket_use_global_stock":"","_tribe_ticket_global_stock_level":"","_global_stock_mode":"","_global_stock_cap":"","_tribe_rsvp_for_event":"","_tribe_ticket_going_count":"","_tribe_ticket_not_going_count":"","_tribe_tickets_list":"[]","_tribe_ticket_has_attendee_info_fields":false,"footnotes":"","_tec_slr_enabled":"","_tec_slr_layout":""},"class_list":["post-84","page","type-page","status-publish","hentry"],"ticketed":false,"_links":{"self":[{"href":"https:\/\/domaine-escarvaillac.fr\/en\/wp-json\/wp\/v2\/pages\/84","targetHints":{"allow":["GET"]}}],"collection":[{"href":"https:\/\/domaine-escarvaillac.fr\/en\/wp-json\/wp\/v2\/pages"}],"about":[{"href":"https:\/\/domaine-escarvaillac.fr\/en\/wp-json\/wp\/v2\/types\/page"}],"author":[{"embeddable":true,"href":"https:\/\/domaine-escarvaillac.fr\/en\/wp-json\/wp\/v2\/users\/1"}],"replies":[{"embeddable":true,"href":"https:\/\/domaine-escarvaillac.fr\/en\/wp-json\/wp\/v2\/comments?post=84"}],"version-history":[{"count":12,"href":"https:\/\/domaine-escarvaillac.fr\/en\/wp-json\/wp\/v2\/pages\/84\/revisions"}],"predecessor-version":[{"id":302,"href":"https:\/\/domaine-escarvaillac.fr\/en\/wp-json\/wp\/v2\/pages\/84\/revisions\/302"}],"wp:attachment":[{"href":"https:\/\/domaine-escarvaillac.fr\/en\/wp-json\/wp\/v2\/media?parent=84"}],"curies":[{"name":"wp","href":"https:\/\/api.w.org\/{rel}","templated":true}]}}